{"id":3916,"date":"2024-08-26T18:35:56","date_gmt":"2024-08-26T18:35:56","guid":{"rendered":"https:\/\/epilacorre.com\/?page_id=3916"},"modified":"2025-01-28T18:55:21","modified_gmt":"2025-01-28T18:55:21","slug":"vi-trail-villa-de-epila-rodanas-trail-race","status":"publish","type":"page","link":"https:\/\/epilacorre.com\/index.php\/vi-trail-villa-de-epila-rodanas-trail-race\/","title":{"rendered":"VI Trail Villa de \u00c9pila RODANAS TRAIL RACE"},"content":{"rendered":"<p><img fetchpriority=\"high\" decoding=\"async\" class=\"aligncenter wp-image-3919\" src=\"https:\/\/epilacorre.com\/wp-content\/uploads\/2024\/08\/CARTEL-RODANAS-TRAIL-1-300x300.jpg\" alt=\"\" width=\"437\" height=\"437\" srcset=\"https:\/\/epilacorre.com\/wp-content\/uploads\/2024\/08\/CARTEL-RODANAS-TRAIL-1-300x300.jpg 300w, https:\/\/epilacorre.com\/wp-content\/uploads\/2024\/08\/CARTEL-RODANAS-TRAIL-1-1024x1024.jpg 1024w, https:\/\/epilacorre.com\/wp-content\/uploads\/2024\/08\/CARTEL-RODANAS-TRAIL-1-150x150.jpg 150w, https:\/\/epilacorre.com\/wp-content\/uploads\/2024\/08\/CARTEL-RODANAS-TRAIL-1-768x768.jpg 768w, https:\/\/epilacorre.com\/wp-content\/uploads\/2024\/08\/CARTEL-RODANAS-TRAIL-1-920x920.jpg 920w, https:\/\/epilacorre.com\/wp-content\/uploads\/2024\/08\/CARTEL-RODANAS-TRAIL-1-230x230.jpg 230w, https:\/\/epilacorre.com\/wp-content\/uploads\/2024\/08\/CARTEL-RODANAS-TRAIL-1-350x350.jpg 350w, https:\/\/epilacorre.com\/wp-content\/uploads\/2024\/08\/CARTEL-RODANAS-TRAIL-1-480x480.jpg 480w, https:\/\/epilacorre.com\/wp-content\/uploads\/2024\/08\/CARTEL-RODANAS-TRAIL-1.jpg 1080w\" sizes=\"(max-width: 437px) 100vw, 437px\" \/><\/p>\n<h3><\/h3>\n<p><strong>El pr\u00f3ximo d\u00eda 03 de Noviembre de 2024 se celebrar\u00e1 en el Santuario de Rodanas de la localidad <\/strong><strong>de \u00c9pila (Zaragoza) la carrera de monta\u00f1a VI \u201cRODANAS TRAIL RACE\u201d \u2013 VILLA DE EPILA, prueba que ser\u00e1 realizada sobre dos distancias no homologadas de 13K y 24K.<\/strong><br \/>\n<strong>Tambi\u00e9n se realizar\u00e1 una marcha senderista no competitiva.<\/strong><\/p>\n<h3><\/h3>\n<h3><\/h3>\n<p><img decoding=\"async\" class=\"aligncenter size-medium wp-image-2985\" src=\"https:\/\/epilacorre.com\/wp-content\/uploads\/2021\/02\/WhatsApp-Image-2020-05-25-at-19.47.31-300x225.jpeg\" alt=\"\" width=\"300\" height=\"225\" srcset=\"https:\/\/epilacorre.com\/wp-content\/uploads\/2021\/02\/WhatsApp-Image-2020-05-25-at-19.47.31-300x225.jpeg 300w, https:\/\/epilacorre.com\/wp-content\/uploads\/2021\/02\/WhatsApp-Image-2020-05-25-at-19.47.31-1024x768.jpeg 1024w, https:\/\/epilacorre.com\/wp-content\/uploads\/2021\/02\/WhatsApp-Image-2020-05-25-at-19.47.31-768x576.jpeg 768w, https:\/\/epilacorre.com\/wp-content\/uploads\/2021\/02\/WhatsApp-Image-2020-05-25-at-19.47.31-1536x1152.jpeg 1536w, https:\/\/epilacorre.com\/wp-content\/uploads\/2021\/02\/WhatsApp-Image-2020-05-25-at-19.47.31-830x623.jpeg 830w, https:\/\/epilacorre.com\/wp-content\/uploads\/2021\/02\/WhatsApp-Image-2020-05-25-at-19.47.31-230x173.jpeg 230w, https:\/\/epilacorre.com\/wp-content\/uploads\/2021\/02\/WhatsApp-Image-2020-05-25-at-19.47.31-350x263.jpeg 350w, https:\/\/epilacorre.com\/wp-content\/uploads\/2021\/02\/WhatsApp-Image-2020-05-25-at-19.47.31-480x360.jpeg 480w, https:\/\/epilacorre.com\/wp-content\/uploads\/2021\/02\/WhatsApp-Image-2020-05-25-at-19.47.31.jpeg 1600w\" sizes=\"(max-width: 300px) 100vw, 300px\" \/><\/p>\n<h3><\/h3>\n<p>&nbsp;<\/p>\n<h3>El horario de comienzo de las pruebas ser\u00e1 a las 08:30H para la distancia 24K, a las 09:30H para la distancia 13K<\/h3>\n<h3>La salida se producir\u00e1 junto a la plaza del Santuario de Rodanas.<\/h3>\n<h3><img decoding=\"async\" class=\"aligncenter size-medium wp-image-2988\" src=\"https:\/\/epilacorre.com\/wp-content\/uploads\/2021\/02\/WhatsApp-Image-2020-05-25-at-19.47.21-225x300.jpeg\" alt=\"\" width=\"225\" height=\"300\" srcset=\"https:\/\/epilacorre.com\/wp-content\/uploads\/2021\/02\/WhatsApp-Image-2020-05-25-at-19.47.21-225x300.jpeg 225w, https:\/\/epilacorre.com\/wp-content\/uploads\/2021\/02\/WhatsApp-Image-2020-05-25-at-19.47.21-768x1024.jpeg 768w, https:\/\/epilacorre.com\/wp-content\/uploads\/2021\/02\/WhatsApp-Image-2020-05-25-at-19.47.21-1152x1536.jpeg 1152w, https:\/\/epilacorre.com\/wp-content\/uploads\/2021\/02\/WhatsApp-Image-2020-05-25-at-19.47.21-830x1107.jpeg 830w, https:\/\/epilacorre.com\/wp-content\/uploads\/2021\/02\/WhatsApp-Image-2020-05-25-at-19.47.21-230x307.jpeg 230w, https:\/\/epilacorre.com\/wp-content\/uploads\/2021\/02\/WhatsApp-Image-2020-05-25-at-19.47.21-350x467.jpeg 350w, https:\/\/epilacorre.com\/wp-content\/uploads\/2021\/02\/WhatsApp-Image-2020-05-25-at-19.47.21-480x640.jpeg 480w, https:\/\/epilacorre.com\/wp-content\/uploads\/2021\/02\/WhatsApp-Image-2020-05-25-at-19.47.21.jpeg 1200w\" sizes=\"(max-width: 225px) 100vw, 225px\" \/><\/h3>\n<h3><\/h3>\n<h4>Recogida de dorsales y bolsa, Domingo d\u00eda 03 de Noviembre<br \/>\nTodos los atletas podr\u00e1n recoger el dorsal el d\u00eda de la prueba desde las 08.00h y hasta 20 minutos<br \/>\nantes de comenzar la prueba, en la zona de salida y meta, teniendo preferencia de recogida por<br \/>\nhorario de salida. Recomendando estar con tiempo m\u00e1s que suficiente para su recogida.(plaza Santuario de Rodanas)<\/h4>\n<p><b>En los avituallamientos de carrera, no se ofrecer\u00e1n\u00a0envases de pl\u00e1stico\u00a0para \u00a0el agua.<\/b><\/p>\n<p>&nbsp;<\/p>\n<div class=\"x11i5rnm xat24cr x1mh8g0r x1vvkbs xtlvy1s x126k92a\">\n<p dir=\"auto\"><strong>Os presentamos la camiseta de manga larga que recibir\u00e9is todos los participantes inscritos de las diferentes distancias.<img loading=\"lazy\" decoding=\"async\" class=\"aligncenter size-medium wp-image-3949\" src=\"https:\/\/epilacorre.com\/wp-content\/uploads\/2024\/10\/462440219_122121264596466122_5986560958980488827_n-240x300.jpg\" alt=\"\" width=\"240\" height=\"300\" srcset=\"https:\/\/epilacorre.com\/wp-content\/uploads\/2024\/10\/462440219_122121264596466122_5986560958980488827_n-240x300.jpg 240w, https:\/\/epilacorre.com\/wp-content\/uploads\/2024\/10\/462440219_122121264596466122_5986560958980488827_n-820x1024.jpg 820w, https:\/\/epilacorre.com\/wp-content\/uploads\/2024\/10\/462440219_122121264596466122_5986560958980488827_n-768x959.jpg 768w, https:\/\/epilacorre.com\/wp-content\/uploads\/2024\/10\/462440219_122121264596466122_5986560958980488827_n-1229x1536.jpg 1229w, https:\/\/epilacorre.com\/wp-content\/uploads\/2024\/10\/462440219_122121264596466122_5986560958980488827_n-920x1149.jpg 920w, https:\/\/epilacorre.com\/wp-content\/uploads\/2024\/10\/462440219_122121264596466122_5986560958980488827_n-230x287.jpg 230w, https:\/\/epilacorre.com\/wp-content\/uploads\/2024\/10\/462440219_122121264596466122_5986560958980488827_n-350x437.jpg 350w, https:\/\/epilacorre.com\/wp-content\/uploads\/2024\/10\/462440219_122121264596466122_5986560958980488827_n-480x600.jpg 480w, https:\/\/epilacorre.com\/wp-content\/uploads\/2024\/10\/462440219_122121264596466122_5986560958980488827_n-1320x1649.jpg 1320w, https:\/\/epilacorre.com\/wp-content\/uploads\/2024\/10\/462440219_122121264596466122_5986560958980488827_n.jpg 1440w\" sizes=\"(max-width: 240px) 100vw, 240px\" \/> <img loading=\"lazy\" decoding=\"async\" class=\"aligncenter size-medium wp-image-3950\" src=\"https:\/\/epilacorre.com\/wp-content\/uploads\/2024\/10\/462281908_122121264626466122_22032838071788143_n-240x300.jpg\" alt=\"\" width=\"240\" height=\"300\" srcset=\"https:\/\/epilacorre.com\/wp-content\/uploads\/2024\/10\/462281908_122121264626466122_22032838071788143_n-240x300.jpg 240w, https:\/\/epilacorre.com\/wp-content\/uploads\/2024\/10\/462281908_122121264626466122_22032838071788143_n-820x1024.jpg 820w, https:\/\/epilacorre.com\/wp-content\/uploads\/2024\/10\/462281908_122121264626466122_22032838071788143_n-768x959.jpg 768w, https:\/\/epilacorre.com\/wp-content\/uploads\/2024\/10\/462281908_122121264626466122_22032838071788143_n-1229x1536.jpg 1229w, https:\/\/epilacorre.com\/wp-content\/uploads\/2024\/10\/462281908_122121264626466122_22032838071788143_n-920x1149.jpg 920w, https:\/\/epilacorre.com\/wp-content\/uploads\/2024\/10\/462281908_122121264626466122_22032838071788143_n-230x287.jpg 230w, https:\/\/epilacorre.com\/wp-content\/uploads\/2024\/10\/462281908_122121264626466122_22032838071788143_n-350x437.jpg 350w, https:\/\/epilacorre.com\/wp-content\/uploads\/2024\/10\/462281908_122121264626466122_22032838071788143_n-480x600.jpg 480w, https:\/\/epilacorre.com\/wp-content\/uploads\/2024\/10\/462281908_122121264626466122_22032838071788143_n-1320x1649.jpg 1320w, https:\/\/epilacorre.com\/wp-content\/uploads\/2024\/10\/462281908_122121264626466122_22032838071788143_n.jpg 1440w\" sizes=\"(max-width: 240px) 100vw, 240px\" \/><\/strong><\/p>\n<\/div>\n<div dir=\"auto\">\n<p><strong><span class=\"html-span xexx8yu x4uap5 x18d9i69 xkhd6sd x1hl2dhg x16tdsg8 x1vvkbs x3nfvp2 x1j61x8r x1fcty0u xdj266r xat24cr xgzva0m xhhsvwb xxymvpz xlup9mm x1kky2od\"><img loading=\"lazy\" decoding=\"async\" class=\"xz74otr\" src=\"https:\/\/static.xx.fbcdn.net\/images\/emoji.php\/v9\/tdc\/1\/16\/26a0.png\" alt=\"\u26a0\ufe0f\" width=\"16\" height=\"16\" \/><\/span> Recordatorio: Del 21 al 30 de Octubre no podemos garantizar la talla de camiseta que desees.<\/strong><\/p>\n<\/div>\n<div dir=\"auto\">\n<p><strong>\u00a1As\u00ed que corre, inscr\u00edbete! <span class=\"html-span xexx8yu x4uap5 x18d9i69 xkhd6sd x1hl2dhg x16tdsg8 x1vvkbs x3nfvp2 x1j61x8r x1fcty0u xdj266r xat24cr xgzva0m xhhsvwb xxymvpz xlup9mm x1kky2od\"><img loading=\"lazy\" decoding=\"async\" class=\"xz74otr\" src=\"https:\/\/static.xx.fbcdn.net\/images\/emoji.php\/v9\/tab\/1\/16\/1f3c3_200d_2642.png\" alt=\"\ud83c\udfc3\u200d\u2642\ufe0f\" width=\"16\" height=\"16\" \/><\/span><\/strong><\/p>\n<\/div>\n<div dir=\"auto\">\u00a1Estar\u00e1 dentro de vuestra bolsa del corredor!<\/div>\n<div class=\"x11i5rnm xat24cr x1mh8g0r x1vvkbs xtlvy1s x126k92a\">\n<h3 dir=\"auto\"><span class=\"html-span xexx8yu x4uap5 x18d9i69 xkhd6sd x1hl2dhg x16tdsg8 x1vvkbs x3nfvp2 x1j61x8r x1fcty0u xdj266r xat24cr xgzva0m xhhsvwb xxymvpz xlup9mm x1kky2od\"><img loading=\"lazy\" decoding=\"async\" class=\"xz74otr\" src=\"https:\/\/static.xx.fbcdn.net\/images\/emoji.php\/v9\/tff\/1\/16\/1f4c6.png\" alt=\"\ud83d\udcc6\" width=\"16\" height=\"16\" \/><\/span> Nos vemos el pr\u00f3ximo 3 Noviembre.<\/h3>\n<\/div>\n<p>&nbsp;<\/p>\n<p>&nbsp;<\/p>\n<h3 style=\"text-align: center;\"><a href=\"https:\/\/sportmaniacs.com\/es\/services\/inscription\/vi-ldquorodanas-trail-racerdquo-ndash-villa-de-epila#registrations\" target=\"_blank\" rel=\"noopener\"><span style=\"color: #0000ff;\"><strong>VI Trail Villa de \u00c9pila Rodanas Trail Race<\/strong><\/span><\/a><\/h3>\n<h3 style=\"text-align: center;\"><a href=\"https:\/\/sportmaniacs.com\/es\/services\/inscription\/vi-ldquorodanas-trail-racerdquo-ndash-villa-de-epila#registrations\" target=\"_blank\" rel=\"noopener\"><img loading=\"lazy\" decoding=\"async\" class=\"aligncenter wp-image-3279\" src=\"https:\/\/epilacorre.com\/wp-content\/uploads\/2022\/03\/BOTON_INSCRIPCION.png\" alt=\"\" width=\"366\" height=\"177\" srcset=\"https:\/\/epilacorre.com\/wp-content\/uploads\/2022\/03\/BOTON_INSCRIPCION.png 300w, https:\/\/epilacorre.com\/wp-content\/uploads\/2022\/03\/BOTON_INSCRIPCION-230x111.png 230w\" sizes=\"(max-width: 366px) 100vw, 366px\" \/><\/a><\/h3>\n<h3 style=\"text-align: center;\">Fin de inscripciones d\u00eda 30 de Octubre o al completar limite de inscritos<\/h3>\n<h3 style=\"text-align: center;\"><\/h3>\n<p>&nbsp;<\/p>\n<p><a href=\"https:\/\/www.cronolimits2020.com\/wp-content\/uploads\/2024\/08\/Reglamento-Rodanas-Trail-Race-2024.pdf\" target=\"_blank\" rel=\"noopener\"><img loading=\"lazy\" decoding=\"async\" class=\"aligncenter wp-image-3560 size-full\" src=\"https:\/\/epilacorre.com\/wp-content\/uploads\/2023\/03\/Captura-de-pantalla-2023-03-02-20.13.11.png\" alt=\"\" width=\"248\" height=\"69\" srcset=\"https:\/\/epilacorre.com\/wp-content\/uploads\/2023\/03\/Captura-de-pantalla-2023-03-02-20.13.11.png 248w, https:\/\/epilacorre.com\/wp-content\/uploads\/2023\/03\/Captura-de-pantalla-2023-03-02-20.13.11-230x64.png 230w\" sizes=\"(max-width: 248px) 100vw, 248px\" \/><\/a><\/p>\n<figure id=\"attachment_2204\"><\/figure>\n<figure id=\"attachment_2246\"><\/figure>\n<p>&nbsp;<\/p>\n<div class=\"wp-playlist wp-video-playlist wp-playlist-light\">\n\t\t<video controls=\"controls\" preload=\"none\" width=\"640\"\n\t\t height=\"356\"\t><\/video>\n\t<div class=\"wp-playlist-next\"><\/div>\n\t<div class=\"wp-playlist-prev\"><\/div>\n\t<noscript>\n\t<ol>\n\t\t<li><a href='https:\/\/epilacorre.com\/wp-content\/uploads\/2024\/08\/WhatsApp-Video-2024-09-04-at-19.43.27.mp4'>WhatsApp-Video-2024-09-04-at-19.43.27<\/a><\/li>\t<\/ol>\n\t<\/noscript>\n\t<script type=\"application\/json\" class=\"wp-playlist-script\">{\"type\":\"video\",\"tracklist\":true,\"tracknumbers\":true,\"images\":true,\"artists\":true,\"tracks\":[{\"src\":\"https:\/\/epilacorre.com\/wp-content\/uploads\/2024\/08\/WhatsApp-Video-2024-09-04-at-19.43.27.mp4\",\"type\":\"video\/mp4\",\"title\":\"\",\"caption\":\"\",\"description\":\"\",\"meta\":{\"length_formatted\":\"0:45\"},\"dimensions\":{\"original\":{\"width\":432,\"height\":240},\"resized\":{\"width\":640,\"height\":356}},\"image\":{\"src\":\"https:\/\/epilacorre.com\/wp-includes\/images\/media\/video.svg\",\"width\":48,\"height\":64},\"thumb\":{\"src\":\"https:\/\/epilacorre.com\/wp-includes\/images\/media\/video.svg\",\"width\":48,\"height\":64}}]}<\/script>\n<\/div>\n\t\n<h3 style=\"text-align: center;\">ANTERIORES EDICIONES<\/h3>\n<h3 style=\"text-align: center;\"><span style=\"color: #0000ff;\"><strong><a style=\"color: #0000ff;\" href=\"https:\/\/epilacorre.com\/index.php\/2017\/09\/29\/www-trailvilladeepila-com\/\">I Trail villa de Epila<\/a><\/strong><\/span><\/h3>\n<p style=\"text-align: center;\"><a href=\"https:\/\/epilacorre.com\/index.php\/2017\/11\/08\/clasificaciones-y-fotos-de-la-i-trail-villa-de-epila\/\" target=\"_blank\" rel=\"noopener\">Resumen I RTR 17<\/a><\/p>\n<h3 style=\"text-align: center;\"><span style=\"color: #0000ff;\"><strong><a style=\"color: #0000ff;\" href=\"https:\/\/epilacorre.com\/index.php\/inicio\/sample-page\/\" target=\"_blank\" rel=\"noopener noreferrer\">II Trail villa de \u00c9pila<\/a><\/strong><\/span><\/h3>\n<p style=\"text-align: center;\"><a href=\"https:\/\/epilacorre.com\/index.php\/2018\/11\/14\/ii-trail-villa-de-epila\/\" target=\"_blank\" rel=\"noopener\">Resumen II RTR 18<\/a><\/p>\n<h3 style=\"text-align: center;\"><span style=\"color: #0000ff;\"><strong><a style=\"color: #0000ff;\" href=\"https:\/\/epilacorre.com\/index.php\/trail-villa-de-epila\/\" target=\"_blank\" rel=\"noopener noreferrer\">III Trail villa de \u00c9pila<\/a><\/strong><\/span><\/h3>\n<p style=\"text-align: center;\"><a href=\"https:\/\/epilacorre.com\/index.php\/2019\/10\/16\/ii-trail-villa-de-epila-2\/\" target=\"_blank\" rel=\"noopener\">Resumen III RTR 19\u00a0<\/a><\/p>\n<h3 style=\"text-align: center;\"><span style=\"color: #0000ff;\"><strong><a style=\"color: #0000ff;\" href=\"https:\/\/epilacorre.com\/index.php\/iv-trail-villa-de-epila-rodanas-trail-race\/\" target=\"_blank\" rel=\"noopener noreferrer\">IV Trail villa de \u00c9pila<\/a><\/strong><\/span><\/h3>\n<p style=\"text-align: center;\"><a href=\"https:\/\/epilacorre.com\/index.php\/2022\/05\/22\/iv-trail-villa-de-epila-rodanas-trail-race\/\" target=\"_blank\" rel=\"noopener\">Resumen IV RTR 22<\/a><\/p>\n<h3 style=\"text-align: center;\"><span style=\"color: #0000ff;\"><strong><a style=\"color: #0000ff;\" href=\"https:\/\/epilacorre.com\/index.php\/v-trail-villa-de-epila-rodanas-trail-race\/\" target=\"_blank\" rel=\"noopener noreferrer\">V Trail villa de \u00c9pila<\/a><\/strong><\/span><\/h3>\n<p style=\"text-align: center;\"><a href=\"https:\/\/epilacorre.com\/index.php\/2023\/06\/24\/v-trail-villa-de-epila-rodanas-trail-race\/\" target=\"_blank\" rel=\"noopener\">Resumen V RTR 23<\/a><\/p>\n<h3 style=\"text-align: center;\"><\/h3>\n<h3 style=\"text-align: center;\">PARKING GRATUITO Y COMO LLEGAR<\/h3>\n<p style=\"text-align: center;\"><iframe style=\"border: 0;\" src=\"https:\/\/www.google.com\/maps\/embed?pb=!1m14!1m8!1m3!1d5755.156288056428!2d-1.4368629041294463!3d41.61003360037839!3m2!1i1024!2i768!4f13.1!3m3!1m2!1s0xd5bc21911ce83fb%3A0xbd13433299763d71!2s50290%20Santuario%20de%20Rodanas%2C%20Zaragoza!5e1!3m2!1ses!2ses!4v1582371993834!5m2!1ses!2ses\" width=\"600\" height=\"450\" frameborder=\"0\" allowfullscreen=\"allowfullscreen\" data-mce-fragment=\"1\"><\/iframe><\/p>\n<h3 style=\"text-align: center;\"><\/h3>\n<figure id=\"attachment_3440\" aria-describedby=\"caption-attachment-3440\" style=\"width: 439px\" class=\"wp-caption aligncenter\"><img loading=\"lazy\" decoding=\"async\" class=\"wp-image-3440\" src=\"https:\/\/epilacorre.com\/wp-content\/uploads\/2022\/05\/Logo-Ayuntamiento-de-Epila-300x225.jpg\" alt=\"\" width=\"439\" height=\"329\" srcset=\"https:\/\/epilacorre.com\/wp-content\/uploads\/2022\/05\/Logo-Ayuntamiento-de-Epila-300x225.jpg 300w, https:\/\/epilacorre.com\/wp-content\/uploads\/2022\/05\/Logo-Ayuntamiento-de-Epila-230x172.jpg 230w, https:\/\/epilacorre.com\/wp-content\/uploads\/2022\/05\/Logo-Ayuntamiento-de-Epila-350x262.jpg 350w, https:\/\/epilacorre.com\/wp-content\/uploads\/2022\/05\/Logo-Ayuntamiento-de-Epila.jpg 454w\" sizes=\"(max-width: 439px) 100vw, 439px\" \/><figcaption id=\"caption-attachment-3440\" class=\"wp-caption-text\">Gracias al Ayuntamiento de \u00c9pila<\/figcaption><\/figure>\n<p>&nbsp;<\/p>\n<p>&nbsp;<\/p>\n","protected":false},"excerpt":{"rendered":"<p>El pr\u00f3ximo d\u00eda 03 de Noviembre de 2024 se celebrar\u00e1 en el Santuario de Rodanas de la localidad de \u00c9pila (Zaragoza) la carrera de monta\u00f1a VI \u201cRODANAS TRAIL RACE\u201d \u2013&hellip;<\/p>\n","protected":false},"author":2,"featured_media":0,"parent":0,"menu_order":0,"comment_status":"closed","ping_status":"closed","template":"","meta":{"footnotes":""},"class_list":["post-3916","page","type-page","status-publish","hentry"],"_links":{"self":[{"href":"https:\/\/epilacorre.com\/index.php\/wp-json\/wp\/v2\/pages\/3916","targetHints":{"allow":["GET"]}}],"collection":[{"href":"https:\/\/epilacorre.com\/index.php\/wp-json\/wp\/v2\/pages"}],"about":[{"href":"https:\/\/epilacorre.com\/index.php\/wp-json\/wp\/v2\/types\/page"}],"author":[{"embeddable":true,"href":"https:\/\/epilacorre.com\/index.php\/wp-json\/wp\/v2\/users\/2"}],"replies":[{"embeddable":true,"href":"https:\/\/epilacorre.com\/index.php\/wp-json\/wp\/v2\/comments?post=3916"}],"version-history":[{"count":9,"href":"https:\/\/epilacorre.com\/index.php\/wp-json\/wp\/v2\/pages\/3916\/revisions"}],"predecessor-version":[{"id":4060,"href":"https:\/\/epilacorre.com\/index.php\/wp-json\/wp\/v2\/pages\/3916\/revisions\/4060"}],"wp:attachment":[{"href":"https:\/\/epilacorre.com\/index.php\/wp-json\/wp\/v2\/media?parent=3916"}],"curies":[{"name":"wp","href":"https:\/\/api.w.org\/{rel}","templated":true}]}}