{"id":60,"date":"2018-05-24T11:14:26","date_gmt":"2018-05-24T11:14:26","guid":{"rendered":"http:\/\/demo.athemes.com\/sydney-temp\/?page_id=2"},"modified":"2025-02-25T10:27:26","modified_gmt":"2025-02-25T10:27:26","slug":"sample-page","status":"publish","type":"page","link":"https:\/\/epilacorre.com\/index.php\/inicio\/sample-page\/","title":{"rendered":"II Trail Villa de \u00c9pila"},"content":{"rendered":"<p><img fetchpriority=\"high\" decoding=\"async\" class=\"wp-image-2237 aligncenter size-full\" src=\"https:\/\/epilacorre.com\/wp-content\/uploads\/2018\/09\/img_2964.jpg\" width=\"1200\" height=\"1771\" srcset=\"https:\/\/epilacorre.com\/wp-content\/uploads\/2018\/09\/img_2964.jpg 1200w, https:\/\/epilacorre.com\/wp-content\/uploads\/2018\/09\/img_2964-203x300.jpg 203w, https:\/\/epilacorre.com\/wp-content\/uploads\/2018\/09\/img_2964-768x1133.jpg 768w, https:\/\/epilacorre.com\/wp-content\/uploads\/2018\/09\/img_2964-694x1024.jpg 694w, https:\/\/epilacorre.com\/wp-content\/uploads\/2018\/09\/img_2964-830x1225.jpg 830w, https:\/\/epilacorre.com\/wp-content\/uploads\/2018\/09\/img_2964-230x339.jpg 230w, https:\/\/epilacorre.com\/wp-content\/uploads\/2018\/09\/img_2964-350x517.jpg 350w, https:\/\/epilacorre.com\/wp-content\/uploads\/2018\/09\/img_2964-480x708.jpg 480w\" sizes=\"(max-width: 1200px) 100vw, 1200px\" \/><\/p>\n<p>El d\u00eda 4 de Noviembre tendr\u00e1 lugar el II Trail Villa de \u00c9pila en dos modalidades distintas de participaci\u00f3n: andando 11 Kms o corriendo 12 Kms\u00a0 sin olvidar las pruebas escolares para los m\u00e1s peques. Las inscripciones pueden realizarse en esta misma p\u00e1gina web en este\u00a0<a href=\"https:\/\/sportmaniacs.com\/es\/services\/inscription\/ii-trail-villa-de-epila\" target=\"_blank\" rel=\"noopener\">enlace<\/a> o desde el apartado inferior de <strong>Inscripciones\u00a0<\/strong>desde este momento, hasta el 2 de Noviembre o hasta completar el cupo de plazas disponible.<\/p>\n<p>Se ofrecer\u00e1 camiseta de la prueba hasta el 23 de Octubre, trofeos, sorteos, guardarropa, guardabicis y vermouth a todos los participantes. El<br \/>\nAyuntamiento de \u00c9pila, junto al Club Epilacorre promueven y organizan este evento deportivo, sobre una distancia no homologada por la RFEA de 12k, esta prueba se incluye en el XI Circuito de carreras Comarca de Valdejal\u00f3n.<\/p>\n<p>M\u00e1ximo 180 corredores.<\/p>\n<p>Camiseta de la prueba, jam\u00f3n para 1\u00ba masculino y femenino en llegar a las Hermanicas, trofeos, regalos, sorteos, y un estupendo vermouth con barra libre de cerveza&#8230;&#8230;&#8230;..\u00bfTe lo vas a perder?<\/p>\n<h3><strong>INSCRIPCIONES<\/strong><\/h3>\n<p><a style=\"color: #0000ff;\" href=\"https:\/\/sportmaniacs.com\/es\/services\/inscription\/ii-trail-villa-de-epila\" target=\"_blank\" rel=\"noopener\"><span style=\"color: #0000ff;\">Inscripciones\u00a0 II Trail Villa de \u00c9pila<\/span><\/a><\/p>\n<h3>REGLAMENTO<\/h3>\n<p><a style=\"color: #0000ff;\" href=\"https:\/\/epilacorre.com\/wp-content\/uploads\/2018\/10\/Reglamento-II-Trail-Villa-de-\u00c9pila-12k.pdf\" target=\"_blank\" rel=\"noopener\"><span style=\"color: #0000ff;\">Reglamento II Trail Villa de \u00c9pila<\/span><\/a><\/p>\n<h3>PERFIL Y TRAZADO<\/h3>\n<figure id=\"attachment_2204\"><a href=\"https:\/\/es.wikiloc.com\/wikiloc\/view.do?id=18874680\"><img decoding=\"async\" class=\"wp-image-2204 aligncenter size-full\" src=\"https:\/\/epilacorre.com\/wp-content\/uploads\/2018\/09\/perfil-II-Trail-Villa-de-Epila.jpg\" alt=\"\" width=\"450\" height=\"122\" srcset=\"https:\/\/epilacorre.com\/wp-content\/uploads\/2018\/09\/perfil-II-Trail-Villa-de-Epila.jpg 450w, https:\/\/epilacorre.com\/wp-content\/uploads\/2018\/09\/perfil-II-Trail-Villa-de-Epila-300x81.jpg 300w, https:\/\/epilacorre.com\/wp-content\/uploads\/2018\/09\/perfil-II-Trail-Villa-de-Epila-230x62.jpg 230w, https:\/\/epilacorre.com\/wp-content\/uploads\/2018\/09\/perfil-II-Trail-Villa-de-Epila-350x95.jpg 350w\" sizes=\"(max-width: 450px) 100vw, 450px\" \/><\/a>\u00a0 \u00a0 \u00a0 \u00a0 \u00a0 \u00a0 \u00a0 \u00a0 \u00a0 \u00a0 \u00a0 \u00a0 \u00a0 \u00a0Haga click sobre la imagen para acceder a la ruta en Wikiloc<\/figure>\n<figure id=\"attachment_2246\"><a href=\"https:\/\/www.strava.com\/segments\/18159619\"><img decoding=\"async\" class=\"wp-image-2246\" src=\"https:\/\/epilacorre.com\/wp-content\/uploads\/2018\/10\/th-300x168.jpg\" alt=\"\" width=\"332\" height=\"186\" srcset=\"https:\/\/epilacorre.com\/wp-content\/uploads\/2018\/10\/th-300x168.jpg 300w, https:\/\/epilacorre.com\/wp-content\/uploads\/2018\/10\/th-230x129.jpg 230w, https:\/\/epilacorre.com\/wp-content\/uploads\/2018\/10\/th-350x196.jpg 350w, https:\/\/epilacorre.com\/wp-content\/uploads\/2018\/10\/th.jpg 474w\" sizes=\"(max-width: 332px) 100vw, 332px\" \/><\/a> Pincha en la imagen para ver el Segmento de Strava<\/figure>\n<p>Todo el detalle del recorrido en el siguiente enlace:\u00a0<a style=\"color: #0000ff;\" href=\"https:\/\/epilacorre.com\/wp-content\/uploads\/2018\/09\/Perfiles-y-Recorrido-II-Trail-Villa-de-\u00c9pila.pdf\" target=\"_blank\" rel=\"noopener\"><span style=\"color: #0000ff;\">Detalle del recorrido de la II Trail Villa de \u00c9pila<\/span><\/a><\/p>\n<h3>CLASIFICACIONES<\/h3>\n<p><strong><a style=\"color: #3366ff;\" href=\"https:\/\/epilacorre.com\/index.php\/clasificaciones\/\" rel=\"noopener\"><span style=\"color: #3366ff;\">I Trail Villa de \u00c9pila<\/span><\/a><\/strong><\/p>\n<h3>VIDEOS Y DETALLES DE LA PRUEBA<\/h3>\n<p>Pincha en la imagen para ver el v\u00eddeo de la pasada edici\u00f3n<\/p>\n<figure id=\"attachment_2251\"><a href=\"https:\/\/youtu.be\/Rw3hhG7nuaQ\"><img loading=\"lazy\" decoding=\"async\" class=\"size-medium wp-image-2251\" src=\"https:\/\/epilacorre.com\/wp-content\/uploads\/2018\/10\/Captura-de-pantalla-2018-10-09-10.54.34-300x166.png\" alt=\"\" width=\"300\" height=\"166\" srcset=\"https:\/\/epilacorre.com\/wp-content\/uploads\/2018\/10\/Captura-de-pantalla-2018-10-09-10.54.34-300x166.png 300w, https:\/\/epilacorre.com\/wp-content\/uploads\/2018\/10\/Captura-de-pantalla-2018-10-09-10.54.34-768x424.png 768w, https:\/\/epilacorre.com\/wp-content\/uploads\/2018\/10\/Captura-de-pantalla-2018-10-09-10.54.34-230x127.png 230w, https:\/\/epilacorre.com\/wp-content\/uploads\/2018\/10\/Captura-de-pantalla-2018-10-09-10.54.34-350x193.png 350w, https:\/\/epilacorre.com\/wp-content\/uploads\/2018\/10\/Captura-de-pantalla-2018-10-09-10.54.34-480x265.png 480w, https:\/\/epilacorre.com\/wp-content\/uploads\/2018\/10\/Captura-de-pantalla-2018-10-09-10.54.34.png 788w\" sizes=\"(max-width: 300px) 100vw, 300px\" \/><\/a> V\u00eddeo &#8220;As\u00ed fue la I Trail villa de \u00c9pila&#8221;<\/figure>\n<p><span style=\"color: #000000;\">Pincha en la imagen para ver el v\u00eddeo\u00a0promocional de esta edici\u00f3n\u00a0<\/span><\/p>\n<figure id=\"attachment_2252\"><a href=\"https:\/\/youtu.be\/Htj-D7nAvxo\"><img loading=\"lazy\" decoding=\"async\" class=\"size-medium wp-image-2252\" src=\"https:\/\/epilacorre.com\/wp-content\/uploads\/2018\/10\/Captura-de-pantalla-2018-10-09-10.53.26-300x172.png\" alt=\"\" width=\"300\" height=\"172\" srcset=\"https:\/\/epilacorre.com\/wp-content\/uploads\/2018\/10\/Captura-de-pantalla-2018-10-09-10.53.26-300x172.png 300w, https:\/\/epilacorre.com\/wp-content\/uploads\/2018\/10\/Captura-de-pantalla-2018-10-09-10.53.26-768x441.png 768w, https:\/\/epilacorre.com\/wp-content\/uploads\/2018\/10\/Captura-de-pantalla-2018-10-09-10.53.26-230x132.png 230w, https:\/\/epilacorre.com\/wp-content\/uploads\/2018\/10\/Captura-de-pantalla-2018-10-09-10.53.26-350x201.png 350w, https:\/\/epilacorre.com\/wp-content\/uploads\/2018\/10\/Captura-de-pantalla-2018-10-09-10.53.26-480x276.png 480w, https:\/\/epilacorre.com\/wp-content\/uploads\/2018\/10\/Captura-de-pantalla-2018-10-09-10.53.26.png 784w\" sizes=\"(max-width: 300px) 100vw, 300px\" \/><\/a> V\u00eddeo promocional\u00a0\u00a0 II Trail villa de \u00c9pila<\/figure>\n<p>Detalle de la camiseta que se entrega hasta el dia 23 a todos los inscritos<\/p>\n<figure id=\"attachment_2250\" aria-describedby=\"caption-attachment-2250\" style=\"width: 359px\" class=\"wp-caption aligncenter\"><img loading=\"lazy\" decoding=\"async\" class=\" wp-image-2250\" src=\"https:\/\/epilacorre.com\/wp-content\/uploads\/2018\/10\/WhatsApp-Image-2018-10-08-at-21.50.41-300x207.jpeg\" alt=\"\" width=\"359\" height=\"248\" srcset=\"https:\/\/epilacorre.com\/wp-content\/uploads\/2018\/10\/WhatsApp-Image-2018-10-08-at-21.50.41-300x207.jpeg 300w, https:\/\/epilacorre.com\/wp-content\/uploads\/2018\/10\/WhatsApp-Image-2018-10-08-at-21.50.41-768x530.jpeg 768w, https:\/\/epilacorre.com\/wp-content\/uploads\/2018\/10\/WhatsApp-Image-2018-10-08-at-21.50.41-1024x706.jpeg 1024w, https:\/\/epilacorre.com\/wp-content\/uploads\/2018\/10\/WhatsApp-Image-2018-10-08-at-21.50.41-830x573.jpeg 830w, https:\/\/epilacorre.com\/wp-content\/uploads\/2018\/10\/WhatsApp-Image-2018-10-08-at-21.50.41-230x159.jpeg 230w, https:\/\/epilacorre.com\/wp-content\/uploads\/2018\/10\/WhatsApp-Image-2018-10-08-at-21.50.41-350x241.jpeg 350w, https:\/\/epilacorre.com\/wp-content\/uploads\/2018\/10\/WhatsApp-Image-2018-10-08-at-21.50.41-480x331.jpeg 480w, https:\/\/epilacorre.com\/wp-content\/uploads\/2018\/10\/WhatsApp-Image-2018-10-08-at-21.50.41.jpeg 1325w\" sizes=\"(max-width: 359px) 100vw, 359px\" \/><figcaption id=\"caption-attachment-2250\" class=\"wp-caption-text\">Camiseta regalo de la II Trail villa de \u00c9pila<\/figcaption><\/figure>\n<p>&nbsp;<\/p>\n<figure id=\"attachment_2274\" aria-describedby=\"caption-attachment-2274\" style=\"width: 194px\" class=\"wp-caption aligncenter\"><img loading=\"lazy\" decoding=\"async\" class=\"wp-image-2274 \" src=\"https:\/\/epilacorre.com\/wp-content\/uploads\/2018\/10\/b3a2cbc7-5139-475e-9138-d86237b7e2d4-414x1024-1-275x300.jpg\" alt=\"\" width=\"194\" height=\"212\" srcset=\"https:\/\/epilacorre.com\/wp-content\/uploads\/2018\/10\/b3a2cbc7-5139-475e-9138-d86237b7e2d4-414x1024-1-275x300.jpg 275w, https:\/\/epilacorre.com\/wp-content\/uploads\/2018\/10\/b3a2cbc7-5139-475e-9138-d86237b7e2d4-414x1024-1-230x251.jpg 230w, https:\/\/epilacorre.com\/wp-content\/uploads\/2018\/10\/b3a2cbc7-5139-475e-9138-d86237b7e2d4-414x1024-1-350x382.jpg 350w, https:\/\/epilacorre.com\/wp-content\/uploads\/2018\/10\/b3a2cbc7-5139-475e-9138-d86237b7e2d4-414x1024-1.jpg 479w\" sizes=\"(max-width: 194px) 100vw, 194px\" \/><figcaption id=\"caption-attachment-2274\" class=\"wp-caption-text\">Bandana de microfibras polar<\/figcaption><\/figure>\n<p>&nbsp;<\/p>\n<p><strong>Premios a los ganadores.<\/strong><\/p>\n<p>Trofeos Personalizados cortes\u00eda de Asociaci\u00f3n de Vecinos \u00c9pila<\/p>\n<p>Botella de vino Cooperativa San Pedro Arbues<\/p>\n<p>Jam\u00f3n 1\u00ba M y F en subir las Hermanicas cortes\u00eda Carnicer\u00eda Murillo<\/p>\n<p>&nbsp;<\/p>\n<p><strong>Para todos los participantes<\/strong><\/p>\n<p>Camiseta t\u00e9cnica conmemorativa de la prueba (Hasta el d\u00eda 23 de Octubre)<\/p>\n<p>Bandana de microfibras polar cortes\u00eda InmoBoss, Catalana Occidente \u00c9pila, Talleres Latorre y Epilacorre<\/p>\n<p>Seguro de accidentes y de responsabilidad civil<\/p>\n<p>Ambulancia, duchas, guarda ropa y guardabicis<\/p>\n<p>Avituallamientos l\u00edquidos y s\u00f3lidos<\/p>\n<p>Quiromasajista Enrique Serrano al terminar<\/p>\n<p>Vermut con:<\/p>\n<p>Barra libre de cerveza servida por Alfonso (Segontina), para degustar la estupenda longaniza seca, jam\u00f3n, queso etc. de Lifara, y meter entre el buen pan de Valero, picoteando empanada de Barranco, con las estupendas tortillas de patata de Do\u00f1a Manuela, regado con vino de la cooperativa San Pedro Arbues<\/p>\n<p>&nbsp;<\/p>\n<p><strong>Sorteos <\/strong><\/p>\n<p>4 Vales para men\u00fas dobles del Restaurante Las Piscinas<\/p>\n<p>2 Vales para men\u00fas dobles del Restaurante El Quijote<\/p>\n<p>1 Vale de 100\u20ac en Gasoleo B Restaurante El Quijote<\/p>\n<p>1 Vale de 100\u20ac en Gasoleo B Gasoil a domicilio \u00c9pila<\/p>\n<p>4 Relojes multifunci\u00f3n Banco Santander \u00c9pila<\/p>\n<p>1 Vale regalo de 25\u20ac Peluquer\u00eda Canina Azahara<\/p>\n<p>1 Vale regalo de Zapateria Isabel Roy<\/p>\n<p>2 Vales corte de pelo Peluquer\u00eda Marta<\/p>\n","protected":false},"excerpt":{"rendered":"<p>El d\u00eda 4 de Noviembre tendr\u00e1 lugar el II Trail Villa de \u00c9pila en dos modalidades distintas de participaci\u00f3n: andando 11 Kms o corriendo 12 Kms\u00a0 sin olvidar las pruebas&hellip;<\/p>\n","protected":false},"author":1,"featured_media":0,"parent":1642,"menu_order":0,"comment_status":"closed","ping_status":"open","template":"","meta":{"footnotes":""},"class_list":["post-60","page","type-page","status-publish","hentry"],"_links":{"self":[{"href":"https:\/\/epilacorre.com\/index.php\/wp-json\/wp\/v2\/pages\/60","targetHints":{"allow":["GET"]}}],"collection":[{"href":"https:\/\/epilacorre.com\/index.php\/wp-json\/wp\/v2\/pages"}],"about":[{"href":"https:\/\/epilacorre.com\/index.php\/wp-json\/wp\/v2\/types\/page"}],"author":[{"embeddable":true,"href":"https:\/\/epilacorre.com\/index.php\/wp-json\/wp\/v2\/users\/1"}],"replies":[{"embeddable":true,"href":"https:\/\/epilacorre.com\/index.php\/wp-json\/wp\/v2\/comments?post=60"}],"version-history":[{"count":35,"href":"https:\/\/epilacorre.com\/index.php\/wp-json\/wp\/v2\/pages\/60\/revisions"}],"predecessor-version":[{"id":4067,"href":"https:\/\/epilacorre.com\/index.php\/wp-json\/wp\/v2\/pages\/60\/revisions\/4067"}],"up":[{"embeddable":true,"href":"https:\/\/epilacorre.com\/index.php\/wp-json\/wp\/v2\/pages\/1642"}],"wp:attachment":[{"href":"https:\/\/epilacorre.com\/index.php\/wp-json\/wp\/v2\/media?parent=60"}],"curies":[{"name":"wp","href":"https:\/\/api.w.org\/{rel}","templated":true}]}}